{"id":658,"date":"2023-01-02T11:15:54","date_gmt":"2023-01-02T10:15:54","guid":{"rendered":"https:\/\/lesgodillots.fr\/Wordpress\/?page_id=658"},"modified":"2024-04-26T11:51:32","modified_gmt":"2024-04-26T09:51:32","slug":"randonnees","status":"publish","type":"page","link":"https:\/\/lesgodillots.fr\/?page_id=658","title":{"rendered":"Randonn\u00e9es"},"content":{"rendered":"\t\t<div data-elementor-type=\"wp-page\" data-elementor-id=\"658\" class=\"elementor elementor-658\">\n\t\t\t\t\t\t<section class=\"elementor-section elementor-top-section elementor-element elementor-element-74d2bbaf elementor-section-boxed elementor-section-height-default elementor-section-height-default\" data-id=\"74d2bbaf\" data-element_type=\"section\" data-e-type=\"section\">\n\t\t\t\t\t\t<div class=\"elementor-container elementor-column-gap-default\">\n\t\t\t\t\t<div class=\"elementor-column elementor-col-100 elementor-top-column elementor-element elementor-element-6d6579c4\" data-id=\"6d6579c4\" data-element_type=\"column\" data-e-type=\"column\">\n\t\t\t<div class=\"elementor-widget-wrap elementor-element-populated\">\n\t\t\t\t\t\t<div class=\"elementor-element elementor-element-32e2ab7a elementor-widget elementor-widget-text-editor\" data-id=\"32e2ab7a\" data-element_type=\"widget\" data-e-type=\"widget\" data-widget_type=\"text-editor.default\">\n\t\t\t\t<div class=\"elementor-widget-container\">\n\t\t\t\t\t\t\t\t\t\n<div class=\"wp-block-stackable-feature-grid alignwide stk-block-feature-grid stk-block-columns stk-block stk-z4tvaon is-style-default\" data-block-id=\"z4tvaon\">\n<div class=\"stk-row stk-inner-blocks has-text-align-center stk-block-content stk-content-align stk-z4tvaon-column alignwide\">\n<div class=\"wp-block-stackable-column stk-block-column stk-block-column--v2 stk-column stk-block stk-h21mcsx\" data-block-id=\"h21mcsx\"><style>.stk-h21mcsx-container{box-shadow:0 0 0 2px rgba(120,120,120,0.1) !important}<\/style>\n<div class=\"stk-column-wrapper stk-block-column__content stk-container stk-h21mcsx-container stk-hover-parent\">\n<div class=\"stk-block-content stk-inner-blocks stk-h21mcsx-inner-blocks\">\n<div class=\"wp-block-stackable-image stk-block-image stk-block stk-w327gov\" data-block-id=\"w327gov\">\n<figure class=\"stk-img-wrapper stk-image--shape-stretch\"><img fetchpriority=\"high\" decoding=\"async\" class=\"alignnone size-medium wp-image-664\" src=\"https:\/\/lesgodillots.fr\/Wordpress\/wp-content\/uploads\/2023\/01\/IMG_0115-300x225.jpg\" alt=\"\" width=\"300\" height=\"225\" srcset=\"https:\/\/lesgodillots.fr\/wp-content\/uploads\/2023\/01\/IMG_0115-300x225.jpg 300w, https:\/\/lesgodillots.fr\/wp-content\/uploads\/2023\/01\/IMG_0115-1024x768.jpg 1024w, https:\/\/lesgodillots.fr\/wp-content\/uploads\/2023\/01\/IMG_0115-768x576.jpg 768w, https:\/\/lesgodillots.fr\/wp-content\/uploads\/2023\/01\/IMG_0115-1536x1152.jpg 1536w, https:\/\/lesgodillots.fr\/wp-content\/uploads\/2023\/01\/IMG_0115-2048x1536.jpg 2048w, https:\/\/lesgodillots.fr\/wp-content\/uploads\/2023\/01\/IMG_0115-2000x1500.jpg 2000w, https:\/\/lesgodillots.fr\/wp-content\/uploads\/2023\/01\/IMG_0115-600x450.jpg 600w\" sizes=\"(max-width: 300px) 100vw, 300px\" \/><\/figure>\n<\/div>\n\n<div id=\"strong-les-randonnees-du-mardi-apres-midi-strong\" class=\"wp-block-stackable-heading stk-block-heading stk-block stk-3k7thzu\" data-block-id=\"3k7thzu\"><style>.stk-3k7thzu .stk-block-heading__text{margin:0 !important;font-weight:400 !important;font-family:\"Lato\",Sans-serif !important}<\/style>\n<h3 class=\"stk-block-heading__text\"><strong>Les randonn\u00e9es du mardi et vendredi apr\u00e8s-midi <\/strong>:<\/h3>\n<\/div>\n\n<div class=\"wp-block-stackable-text stk-block-text stk-block stk-wm0a0zi\" data-block-id=\"wm0a0zi\">\n<p class=\"stk-block-text__text\">Elles ont lieu toutes les semaines sur des parcours en boucle de 10 \u00e0 12km le mardi (allure normale), 6 \u00e0 8km le vendredi (allure mod\u00e9r\u00e9e).<\/p>\n<\/div>\n<\/div>\n<\/div>\n<\/div>\n\n<div class=\"wp-block-stackable-column stk-block-column stk-block-column--v2 stk-column stk-block stk-xghnsbm\" data-block-id=\"xghnsbm\"><style>.stk-xghnsbm-container{box-shadow:0 0 0 2px rgba(120,120,120,0.1) !important}<\/style>\n<div class=\"stk-column-wrapper stk-block-column__content stk-container stk-xghnsbm-container stk-hover-parent\">\n<div class=\"stk-block-content stk-inner-blocks stk-xghnsbm-inner-blocks\">\n<div class=\"wp-block-stackable-image stk-block-image stk-block stk-h4xhy6m\" data-block-id=\"h4xhy6m\">\n<figure class=\"stk-img-wrapper stk-image--shape-stretch\"><img decoding=\"async\" class=\"alignnone size-medium wp-image-667\" src=\"https:\/\/lesgodillots.fr\/Wordpress\/wp-content\/uploads\/2023\/01\/IMG_0093-300x223.jpg\" alt=\"\" width=\"300\" height=\"223\" srcset=\"https:\/\/lesgodillots.fr\/wp-content\/uploads\/2023\/01\/IMG_0093-300x223.jpg 300w, https:\/\/lesgodillots.fr\/wp-content\/uploads\/2023\/01\/IMG_0093-1024x761.jpg 1024w, https:\/\/lesgodillots.fr\/wp-content\/uploads\/2023\/01\/IMG_0093-768x571.jpg 768w, https:\/\/lesgodillots.fr\/wp-content\/uploads\/2023\/01\/IMG_0093-1536x1142.jpg 1536w, https:\/\/lesgodillots.fr\/wp-content\/uploads\/2023\/01\/IMG_0093-2048x1523.jpg 2048w, https:\/\/lesgodillots.fr\/wp-content\/uploads\/2023\/01\/IMG_0093-2000x1487.jpg 2000w, https:\/\/lesgodillots.fr\/wp-content\/uploads\/2023\/01\/IMG_0093-600x446.jpg 600w\" sizes=\"(max-width: 300px) 100vw, 300px\" \/><\/figure>\n<\/div>\n\n<div id=\"strong-les-randonnees-du-dimanche-strong\" class=\"wp-block-stackable-heading stk-block-heading stk-block stk-x821jzd\" data-block-id=\"x821jzd\"><style>.stk-x821jzd .stk-block-heading__text{margin:0 !important;font-weight:400 !important;font-family:\"Lato\",Sans-serif !important}<\/style>\n<h3 class=\"stk-block-heading__text\"><strong>Les randonn\u00e9es du dimanche\u00a0:<\/strong><\/h3>\n<\/div>\n\n<p>Elles ont lieu tous les quinze jours, \u00e0 la demi-journ\u00e9e ou \u00e0 la journ\u00e9e suivant la saison (12 \u00e0 20km).<\/p>\n\n<p><style>.stk-13f4cd7-container{box-shadow:0 0 0 2px rgba(120,120,120,0.1) !important}<\/style><\/p>\n<\/div>\n<\/div>\n<\/div>\n<div class=\"wp-block-stackable-column stk-block-column stk-block-column--v2 stk-column stk-block stk-13f4cd7\" data-block-id=\"13f4cd7\">\n<div class=\"stk-column-wrapper stk-block-column__content stk-container stk-13f4cd7-container stk-hover-parent\">\n<div class=\"stk-block-content stk-inner-blocks stk-13f4cd7-inner-blocks\">\n<div class=\"wp-block-stackable-image stk-block-image stk-block stk-gz1tysk\" data-block-id=\"gz1tysk\">\n<figure class=\"stk-img-wrapper stk-image--shape-stretch\"><img decoding=\"async\" class=\"alignnone size-medium wp-image-668\" src=\"https:\/\/lesgodillots.fr\/Wordpress\/wp-content\/uploads\/2023\/01\/perigord_2021_33-300x205.jpg\" alt=\"\" width=\"300\" height=\"205\" srcset=\"https:\/\/lesgodillots.fr\/wp-content\/uploads\/2023\/01\/perigord_2021_33-300x205.jpg 300w, https:\/\/lesgodillots.fr\/wp-content\/uploads\/2023\/01\/perigord_2021_33-1024x700.jpg 1024w, https:\/\/lesgodillots.fr\/wp-content\/uploads\/2023\/01\/perigord_2021_33-768x525.jpg 768w, https:\/\/lesgodillots.fr\/wp-content\/uploads\/2023\/01\/perigord_2021_33-1536x1051.jpg 1536w, https:\/\/lesgodillots.fr\/wp-content\/uploads\/2023\/01\/perigord_2021_33-2048x1401.jpg 2048w, https:\/\/lesgodillots.fr\/wp-content\/uploads\/2023\/01\/perigord_2021_33-2000x1368.jpg 2000w, https:\/\/lesgodillots.fr\/wp-content\/uploads\/2023\/01\/perigord_2021_33-600x410.jpg 600w\" sizes=\"(max-width: 300px) 100vw, 300px\" \/><\/figure>\n<\/div>\n\n<div id=\"strong-les-sejours-strong\" class=\"wp-block-stackable-heading stk-block-heading stk-block stk-80mlxjv\" data-block-id=\"80mlxjv\"><style>.stk-80mlxjv .stk-block-heading__text{margin:0 !important;font-weight:400 !important;font-family:\"Lato\",Sans-serif !important}<\/style>\n<h3 class=\"stk-block-heading__text\"><strong>Les s\u00e9jours<\/strong>\u00a0:<\/h3>\n<\/div>\n\n<p>Nous organisons des s\u00e9jours d\u2019une dur\u00e9e maximum d\u2019une semaine (mer, montagne, campagne).<\/p>\n\n<p>\u00a0<\/p>\n<\/div>\n<\/div>\n<\/div>\n<\/div>\n<\/div>\n\t\t\t\t\t\t\t\t<\/div>\n\t\t\t\t<\/div>\n\t\t\t\t\t<\/div>\n\t\t<\/div>\n\t\t\t\t\t<\/div>\n\t\t<\/section>\n\t\t\t\t<section class=\"elementor-section elementor-top-section elementor-element elementor-element-af2bcdc elementor-section-boxed elementor-section-height-default elementor-section-height-default\" data-id=\"af2bcdc\" data-element_type=\"section\" data-e-type=\"section\">\n\t\t\t\t\t\t<div class=\"elementor-container elementor-column-gap-default\">\n\t\t\t\t\t<div class=\"elementor-column elementor-col-100 elementor-top-column elementor-element elementor-element-10de341\" data-id=\"10de341\" data-element_type=\"column\" data-e-type=\"column\">\n\t\t\t<div class=\"elementor-widget-wrap elementor-element-populated\">\n\t\t\t\t\t\t<div class=\"elementor-element elementor-element-bb47696 elementor-widget elementor-widget-text-editor\" data-id=\"bb47696\" data-element_type=\"widget\" data-e-type=\"widget\" data-widget_type=\"text-editor.default\">\n\t\t\t\t<div class=\"elementor-widget-container\">\n\t\t\t\t\t\t\t\t\t<p>Les randonn\u00e9es sont encadr\u00e9es par un animateur.<\/p>\n<p><\/p>\n<p>Chaque semaine, les parcours sont diff\u00e9rents et se situent dans un rayon maximum d\u2019une vingtaine de kilom\u00e8tres autour de Nouaill\u00e9.<\/p>\n<p><\/p>\n<p>Nous proposons un covoiturage qui est pr\u00e9cis\u00e9 pour chaque d\u00e9placement.<\/p>\n<p>Autour d\u2019une randonn\u00e9e, le club propose aussi des temps conviviaux (cr\u00eapes, restaurant, pique-niques, etc&#8230;).<\/p>\t\t\t\t\t\t\t\t<\/div>\n\t\t\t\t<\/div>\n\t\t\t\t\t<\/div>\n\t\t<\/div>\n\t\t\t\t\t<\/div>\n\t\t<\/section>\n\t\t\t\t<\/div>\n\t\t","protected":false},"excerpt":{"rendered":"<p>Les randonn\u00e9es du mardi et vendredi apr\u00e8s-midi : Elles ont lieu toutes les semaines sur des parcours en boucle de 10 \u00e0 12km le mardi (allure normale), 6 \u00e0 8km le vendredi (allure mod\u00e9r\u00e9e). Les randonn\u00e9es du dimanche\u00a0: Elles ont lieu tous les quinze jours, \u00e0 la demi-journ\u00e9e ou \u00e0 la journ\u00e9e suivant la saison &hellip; <\/p>\n<p class=\"link-more\"><a href=\"https:\/\/lesgodillots.fr\/?page_id=658\" class=\"more-link\">Lire la suite de<span class=\"screen-reader-text\">\u00ab\u00a0Randonn\u00e9es\u00a0\u00bb<\/span><\/a><\/p>\n","protected":false},"author":1,"featured_media":0,"parent":0,"menu_order":0,"comment_status":"closed","ping_status":"closed","template":"","meta":{"inspiro_hide_title":false,"footnotes":""},"class_list":["post-658","page","type-page","status-publish","hentry"],"_links":{"self":[{"href":"https:\/\/lesgodillots.fr\/index.php?rest_route=\/wp\/v2\/pages\/658","targetHints":{"allow":["GET"]}}],"collection":[{"href":"https:\/\/lesgodillots.fr\/index.php?rest_route=\/wp\/v2\/pages"}],"about":[{"href":"https:\/\/lesgodillots.fr\/index.php?rest_route=\/wp\/v2\/types\/page"}],"author":[{"embeddable":true,"href":"https:\/\/lesgodillots.fr\/index.php?rest_route=\/wp\/v2\/users\/1"}],"replies":[{"embeddable":true,"href":"https:\/\/lesgodillots.fr\/index.php?rest_route=%2Fwp%2Fv2%2Fcomments&post=658"}],"version-history":[{"count":54,"href":"https:\/\/lesgodillots.fr\/index.php?rest_route=\/wp\/v2\/pages\/658\/revisions"}],"predecessor-version":[{"id":1282,"href":"https:\/\/lesgodillots.fr\/index.php?rest_route=\/wp\/v2\/pages\/658\/revisions\/1282"}],"wp:attachment":[{"href":"https:\/\/lesgodillots.fr\/index.php?rest_route=%2Fwp%2Fv2%2Fmedia&parent=658"}],"curies":[{"name":"wp","href":"https:\/\/api.w.org\/{rel}","templated":true}]}}